{"id":121,"date":"2024-11-23T14:37:44","date_gmt":"2024-11-23T14:37:44","guid":{"rendered":"https:\/\/alvarezcamposlegal.com\/?page_id=121"},"modified":"2025-04-22T09:40:32","modified_gmt":"2025-04-22T09:40:32","slug":"politica-de-privacidad","status":"publish","type":"page","link":"https:\/\/alvarezcamposlegal.com\/index.php\/politica-de-privacidad\/","title":{"rendered":"Pol\u00edtica de Privacidad"},"content":{"rendered":"\n<p><strong>Protecci\u00f3n de datos de car\u00e1cter personal seg\u00fan la LOPD&nbsp;<\/strong><\/p>\n\n\n\n<p>Alvarez Campos Legal S.L., sociedad domiciliada en la Carretera General Colloto Santander, 97 33010, Oviedo, Asturias CIF B44646461, (en adelante, \u00c1lvarez Campos Legal o la \u201cSociedad\u201d) es la responsable del tratamiento de sus datos personales. En la presente pol\u00edtica de privacidad se facilita la informaci\u00f3n sobre el uso que realizar\u00e1 la Sociedad de sus datos personales en su condici\u00f3n de usuario de la web (la \u00abWeb\u00bb):&nbsp;&nbsp;www.alvarezcamposlegal.com<\/p>\n\n\n\n<p>La presente Pol\u00edtica de Privacidad tiene por objeto facilitar informaci\u00f3n sobre los derechos que le asisten en virtud del Reglamento General de Protecci\u00f3n de Datos (\u201cRGPD\u201d). Si tiene cualquier duda relativa al tratamiento de sus datos personales, contacte con la Sociedad en la siguiente direcci\u00f3n:&nbsp;info@alvarezcamposlegal.com<\/p>\n\n\n\n<p>Asimismo, le informamos de que la sociedad cuenta con un Delegado de Protecci\u00f3n de Datos designado, D\u00aa \u00c1ngela Campos, con quien se podr\u00e1 poner en contacto a trav\u00e9s de la siguiente&nbsp;direcci\u00f3n:&nbsp;info@alvarezcamposlegal.com<\/p>\n\n\n\n<p>La recogida y tratamiento automatizado de los datos de car\u00e1cter personal tiene como finalidad el mantenimiento de la relaci\u00f3n comercial y el desempe\u00f1o de tareas de informaci\u00f3n, formaci\u00f3n, asesoramiento y otras actividades propias de info@alvarezcamposlegal.com<\/p>\n\n\n\n<p>Los datos no se comunicar\u00e1n a ning\u00fan tercero ajeno a Alvarez Campos Legal S.L, salvo obligaci\u00f3n legal. Sin perjuicio de ello, los datos podr\u00e1n ser cedidos a aquellas entidades que sean necesarias con el \u00fanico objetivo de dar cumplimiento a la finalidad anteriormente expuesta. As\u00ed,&nbsp;&nbsp;podr\u00e1n tener acceso a sus datos personales los encargados del tratamiento de la Sociedad, es decir, los prestadores de servicios que tengan que acceder a sus datos personales para el desarrollo de sus funciones. Los prestadores de servicios que acceden a sus datos personales, con car\u00e1cter general, se dedican a los sectores de sistemas de informaci\u00f3n y tecnolog\u00eda.<\/p>\n\n\n\n<p>Alvarez Campos Legal S.L. adopta las medidas necesarias para garantizar la seguridad, integridad y confidencialidad de los datos conforme a lo dispuesto en el Reglamento (UE) 2016\/679 del Parlamento Europeo y del Consejo, de 27 de abril de 2016, relativo a la protecci\u00f3n de las personas f\u00edsicas en lo que respecta al tratamiento de datos personales y a la libre circulaci\u00f3n de los mismos.&nbsp;<\/p>\n\n\n\n<p>El usuario podr\u00e1 solicitar informaci\u00f3n m\u00e1s detallada respecto de los destinatarios de sus datos enviando un correo electr\u00f3nico a la direcci\u00f3n\u00a0info@alvarezcamposlegal.com indicando el tratamiento concreto sobre cuyos destinatarios querr\u00eda informaci\u00f3n.<\/p>\n\n\n\n<p>Asimismo, el usuario podr\u00e1 en cualquier momento ejercitar los derechos de acceso, oposici\u00f3n, rectificaci\u00f3n y cancelaci\u00f3n reconocidos en el citado Reglamento (UE). El ejercicio de estos derechos puede realizarlo el propio usuario a trav\u00e9s de email a info@alvarezcamposlegal.com<\/p>\n\n\n\n<p><strong>Informaci\u00f3n facilitada por el usuario<\/strong><\/p>\n\n\n\n<p>Todos los campos que aparezcan se\u00f1alados con un asterisco (*) en los formularios de la Web ser\u00e1n de obligada cumplimentaci\u00f3n, de tal modo que la omisi\u00f3n de alguno de ellos podr\u00eda comportar la imposibilidad de que se le puedan facilitar los servicios o informaci\u00f3n solicitados.<\/p>\n\n\n\n<p>Deber\u00e1 proporcionar informaci\u00f3n ver\u00eddica, para que la informaci\u00f3n facilitada est\u00e9 siempre actualizada y no contenga errores, deber\u00e1 comunicar a la Sociedad a la mayor brevedad posible, las modificaciones y rectificaciones de sus datos de car\u00e1cter personal que se vayan produciendo a trav\u00e9s de un correo electr\u00f3nico a la direcci\u00f3n info@alvarezcamposlegal.com<\/p>\n\n\n\n<p>Asimismo, al hacer \u201cclick\u201d en el bot\u00f3n \u201cAcepto\u201d (o equivalente) incorporado en los citados formularios, declara que la informaci\u00f3n y los datos que en ellos ha facilitado son exactos y veraces.<\/p>\n\n\n\n<p><strong>Finalidad del tratamiento de los datos personales:&nbsp;<\/strong><\/p>\n\n\n\n<p>En \u00c1lvarez Campos Legal S.L. trataremos tus datos personales recabados a trav\u00e9s del Sitio Web:&nbsp;info@alvarezcamposlegal.com, con las siguientes finalidades:&nbsp;<\/p>\n\n\n\n<p>1. Gestionar las consultas planteadas a trav\u00e9s del formulario de consulta.<\/p>\n\n\n\n<p>Inter\u00e9s leg\u00edtimo de la Sociedad para atender a los requerimientos de informaci\u00f3n a trav\u00e9s de la Web.&nbsp;&nbsp;<\/p>\n\n\n\n<p>No acceder\u00e1n a sus datos personales prestadores de servicios adicionales de los ya indicados.<\/p>\n\n\n\n<p>Sus datos se conservar\u00e1n durante seis a\u00f1os desde que la ultima interacci\u00f3n con la Sociedad para la resoluci\u00f3n de la consulta o hasta que manifieste su voluntad de supresi\u00f3n de los mismos (lo que suceda antes).<\/p>\n\n\n\n<p>Asimismo, le informamos de que sus datos permanecer\u00e1n bloqueados para la atenci\u00f3n de reclamaciones judiciales, administrativas o fiscales, durante los plazos que resulten de la legislaci\u00f3n aplicable.<\/p>\n\n\n\n<p>2. Gesti\u00f3n del proceso de selecci\u00f3n de personal y de la relaci\u00f3n con usted como candidato a empleo.<\/p>\n\n\n\n<p>Consentimiento otorgado por usted para su inclusi\u00f3n en la base de datos de candidatos a empleo en las sociedades del Grupo.&nbsp;&nbsp;<\/p>\n\n\n\n<p>Adem\u00e1s de los prestadores de servicios antes indicados, podr\u00e1n acceder a sus datos personales, prestadores de servicios de selecci\u00f3n de personal.<\/p>\n\n\n\n<p>Sus datos permanecer\u00e1n activos en la base de datos de candidatos de Mithra durante 3 a\u00f1os contados desde que usted facilit\u00f3 su curr\u00edculum. Una vez se cumpla este plazo, podr\u00eda ser de aplicaci\u00f3n la obligaci\u00f3n de bloqueo impuesta por la legislaci\u00f3n.<\/p>\n\n\n\n<p>Asimismo, le informamos de que sus datos permanecer\u00e1n bloqueados para la atenci\u00f3n de reclamaciones judiciales, administrativas o fiscales, durante los plazos que resulten de la legislaci\u00f3n aplicable.<\/p>\n\n\n\n<p><strong>Ejercicio de sus derechos<\/strong><\/p>\n\n\n\n<p>Le informamos de que podr\u00e1 ejercer los siguientes derechos:<\/p>\n\n\n\n<p>a) derecho de acceso a sus datos personales para saber cu\u00e1les est\u00e1n siendo objeto de tratamiento y las operaciones de tratamiento llevadas a cabo con ellos;<\/p>\n\n\n\n<p>b) derecho de rectificaci\u00f3n de cualquier dato personal inexacto;<\/p>\n\n\n\n<p>c) derecho de supresi\u00f3n de sus datos personales, cuando esto sea posible<\/p>\n\n\n\n<p>d) derecho a solicitar la limitaci\u00f3n del tratamiento de sus datos personales cuando la exactitud, la legalidad o la necesidad del tratamiento de los datos resulte dudosa, en cuyo caso, podremos conservarlos para el ejercicio o la defensa de reclamaciones;<\/p>\n\n\n\n<p>e) derecho a la portabilidad de sus datos personales, cuando la base legal que nos habilite para su tratamiento de las indicadas en la tabla arriba incluida sea la relaci\u00f3n contractual o el consentimiento;<\/p>\n\n\n\n<p>f) derecho de oposici\u00f3n al tratamiento de sus datos personales, cuando la base legal que nos habilite para su tratamiento de las indicadas en la tabla arriba incluida sea el inter\u00e9s leg\u00edtimo. A estos efectos, dejaremos de tratar sus datos salvo que tengamos un inter\u00e9s leg\u00edtimo imperioso o para la formulaci\u00f3n, el ejercicio o la defensa de reclamaciones.<\/p>\n\n\n\n<p>g) derecho a revocar su consentimiento en cualquier momento.<\/p>\n\n\n\n<p>Podr\u00e1 ejercitar sus derechos en cualquier momento y de forma gratuita dirigiendo un correo electr\u00f3nico a&nbsp;:&nbsp;info@alvarezcamposlegal.com indicando el derecho que desea ejercitar y sus datos identificativos.<\/p>\n\n\n\n<p>Si considera que no hemos tratado sus datos personales adecuadamente puede contactar con el Delegado de Protecci\u00f3n de Datos en la direcci\u00f3n&nbsp;:&nbsp;info@alvarezcamposlegal.com No obstante, le informamos de que tiene derecho a presentar una reclamaci\u00f3n ante la Agencia Espa\u00f1ola de Protecci\u00f3n de Datos si considera que se ha cometido una infracci\u00f3n de la legislaci\u00f3n en materia de protecci\u00f3n de datos respecto al tratamiento de sus datos personales.<\/p>\n\n\n\n<p><strong>Cookies<\/strong><\/p>\n\n\n\n<p>\u00c1lvarez Campos Legal \u00fanicamente utilizar\u00e1 dispositivos de almacenamiento y recuperaci\u00f3n de datos (\u2018Cookies\u2019) cuando el usuario haya dado su consentimiento previo para ello de acuerdo con lo que se indica en la ventana emergente del navegador del usuario cuando accede por primera vez a la Web y en los dem\u00e1s t\u00e9rminos y condiciones que se indican en la Pol\u00edtica de Cookies de \u00c1lvarez Campos Legal que todo usuario debe conocer.<\/p>\n\n\n\n<p><strong>Medidas de seguridad<\/strong><\/p>\n\n\n\n<p>\u00c1lvarez Campos Legal adopta los niveles de seguridad requeridos por el RGPD adecuados a la naturaleza de los datos que son objeto de tratamiento en cada momento. No obstante lo anterior, la seguridad t\u00e9cnica en un medio como Internet no es inexpugnable y pueden existir actuaciones dolosas de terceros, si bien \u00c1lvarez Campos Legal pone todos los medios a su alcance para evitar dichas actuaciones.<\/p>\n\n\n\n<p><strong>Comunicaciones comerciales<\/strong>&nbsp;<\/p>\n\n\n\n<p>En aplicaci\u00f3n de la LSSI, \u00c1lvarez Campos Legal, S.L.&nbsp;&nbsp;no enviar\u00e1 comunicaciones publicitarias o promocionales por correo electr\u00f3nico u otro medio de comunicaci\u00f3n electr\u00f3nica equivalente que previamente no hubieran sido solicitadas o expresamente autorizadas por los destinatarios de las mismas. En el caso de usuarios con los que exista una relaci\u00f3n contractual previa, \u00c1lvarez Campos Legal s\u00ed est\u00e1 autorizado al env\u00edo de comunicaciones comerciales referentes a productos o servicios \u00c1lvarez Campos Legal que sean similares a los que inicialmente fueron objeto de contrataci\u00f3n con el cliente. En todo caso, el usuario, tras acreditar su identidad, podr\u00e1 solicitar que no se le haga llegar m\u00e1s informaci\u00f3n comercial a trav\u00e9s de los canales de Atenci\u00f3n al Cliente.<\/p>\n","protected":false},"excerpt":{"rendered":"<p>Protecci\u00f3n de datos de car\u00e1cter personal seg\u00fan la LOPD&nbsp; Alvarez Campos Legal S.L., sociedad domiciliada en la Carretera General Colloto Santander, 97 33010, Oviedo, Asturias CIF B44646461, (en adelante, \u00c1lvarez Campos Legal o la \u201cSociedad\u201d) es la responsable del tratamiento de sus datos personales. En la presente pol\u00edtica de privacidad se facilita la informaci\u00f3n sobre [&hellip;]<\/p>\n","protected":false},"author":1,"featured_media":0,"parent":0,"menu_order":0,"comment_status":"closed","ping_status":"closed","template":"","meta":{"_et_pb_use_builder":"off","_et_pb_old_content":"","_et_gb_content_width":"1080","_joinchat":[],"footnotes":""},"class_list":["post-121","page","type-page","status-publish","hentry"],"_links":{"self":[{"href":"https:\/\/alvarezcamposlegal.com\/index.php\/wp-json\/wp\/v2\/pages\/121","targetHints":{"allow":["GET"]}}],"collection":[{"href":"https:\/\/alvarezcamposlegal.com\/index.php\/wp-json\/wp\/v2\/pages"}],"about":[{"href":"https:\/\/alvarezcamposlegal.com\/index.php\/wp-json\/wp\/v2\/types\/page"}],"author":[{"embeddable":true,"href":"https:\/\/alvarezcamposlegal.com\/index.php\/wp-json\/wp\/v2\/users\/1"}],"replies":[{"embeddable":true,"href":"https:\/\/alvarezcamposlegal.com\/index.php\/wp-json\/wp\/v2\/comments?post=121"}],"version-history":[{"count":2,"href":"https:\/\/alvarezcamposlegal.com\/index.php\/wp-json\/wp\/v2\/pages\/121\/revisions"}],"predecessor-version":[{"id":227,"href":"https:\/\/alvarezcamposlegal.com\/index.php\/wp-json\/wp\/v2\/pages\/121\/revisions\/227"}],"wp:attachment":[{"href":"https:\/\/alvarezcamposlegal.com\/index.php\/wp-json\/wp\/v2\/media?parent=121"}],"curies":[{"name":"wp","href":"https:\/\/api.w.org\/{rel}","templated":true}]}}